{"id":214,"date":"2023-03-29T17:16:00","date_gmt":"2023-03-29T20:16:00","guid":{"rendered":"https:\/\/editorainsight.com.br\/galeria\/?page_id=214"},"modified":"2023-05-18T15:49:26","modified_gmt":"2023-05-18T18:49:26","slug":"cristina-mendes","status":"publish","type":"page","link":"https:\/\/editorainsight.com.br\/masa\/cristina-mendes\/","title":{"rendered":"Cristina Mendes"},"content":{"rendered":"<p>[et_pb_section fb_built=&#8221;1&#8243; _builder_version=&#8221;4.20.2&#8243; _module_preset=&#8221;default&#8221; background_image=&#8221;https:\/\/editorainsight.com.br\/masa\/wp-content\/uploads\/2023\/03\/fundo-cristina-mendes.jpg&#8221; custom_padding=&#8221;30px||30px||false|false&#8221; global_colors_info=&#8221;{}&#8221;][et_pb_row _builder_version=&#8221;4.20.2&#8243; _module_preset=&#8221;default&#8221; global_colors_info=&#8221;{}&#8221;][et_pb_column type=&#8221;4_4&#8243; _builder_version=&#8221;4.20.2&#8243; _module_preset=&#8221;default&#8221; global_colors_info=&#8221;{}&#8221;][et_pb_text _builder_version=&#8221;4.20.2&#8243; _module_preset=&#8221;default&#8221; header_font=&#8221;|300|||||||&#8221; header_2_font=&#8221;Crimson Pro|300|||||||&#8221; header_2_font_size=&#8221;76px&#8221; text_orientation=&#8221;center&#8221; background_layout=&#8221;dark&#8221; custom_margin=&#8221;||0px||false|false&#8221; header_2_font_size_tablet=&#8221;76px&#8221; header_2_font_size_phone=&#8221;56px&#8221; header_2_font_size_last_edited=&#8221;on|phone&#8221; locked=&#8221;off&#8221; global_colors_info=&#8221;{}&#8221;]<\/p>\n<h2>Cristina<\/h2>\n<p>[\/et_pb_text][et_pb_text _builder_version=&#8221;4.20.2&#8243; _module_preset=&#8221;default&#8221; header_2_font=&#8221;Crimson Pro|300|||||||&#8221; header_2_font_size=&#8221;87px&#8221; text_orientation=&#8221;center&#8221; background_layout=&#8221;dark&#8221; header_2_font_size_tablet=&#8221;87px&#8221; header_2_font_size_phone=&#8221;65px&#8221; header_2_font_size_last_edited=&#8221;on|phone&#8221; locked=&#8221;off&#8221; global_colors_info=&#8221;{}&#8221;]<\/p>\n<h2>Mendes<\/h2>\n<p>[\/et_pb_text][\/et_pb_column][\/et_pb_row][\/et_pb_section][et_pb_section fb_built=&#8221;1&#8243; use_custom_gutter=&#8221;on&#8221; specialty=&#8221;on&#8221; custom_padding_last_edited=&#8221;on|phone&#8221; padding_left_2=&#8221;20px&#8221; padding_top_bottom_link_2=&#8221;false&#8221; padding_left_right_link_2=&#8221;false&#8221; padding_2_tablet=&#8221;|0px||0px|false|true&#8221; padding_2_phone=&#8221;|0px||0px|false|true&#8221; padding_2_last_edited=&#8221;on|phone&#8221; _builder_version=&#8221;4.20.2&#8243; _module_preset=&#8221;default&#8221; background_color=&#8221;#C02D28&#8243; inner_width=&#8221;90%&#8221; inner_max_width=&#8221;1900px&#8221; inner_module_alignment=&#8221;right&#8221; custom_padding=&#8221;190px||||false|false&#8221; custom_padding_tablet=&#8221;190px||||false|false&#8221; custom_padding_phone=&#8221;50px||||false|false&#8221; inner_module_alignment_tablet=&#8221;center&#8221; inner_module_alignment_phone=&#8221;center&#8221; inner_module_alignment_last_edited=&#8221;on|tablet&#8221; locked=&#8221;off&#8221; global_colors_info=&#8221;{}&#8221;][et_pb_column type=&#8221;1_2&#8243; specialty_columns=&#8221;2&#8243; _builder_version=&#8221;4.16&#8243; custom_padding=&#8221;|||&#8221; global_colors_info=&#8221;{}&#8221; custom_padding__hover=&#8221;|||&#8221;][et_pb_row_inner _builder_version=&#8221;4.20.2&#8243; _module_preset=&#8221;default&#8221; global_colors_info=&#8221;{}&#8221;][et_pb_column_inner saved_specialty_column_type=&#8221;1_2&#8243; _builder_version=&#8221;4.20.2&#8243; _module_preset=&#8221;default&#8221; global_colors_info=&#8221;{}&#8221;][et_pb_text _builder_version=&#8221;4.20.2&#8243; _module_preset=&#8221;default&#8221; text_font=&#8221;Crimson Pro|300|||||||&#8221; text_font_size=&#8221;18px&#8221; text_line_height=&#8221;1.8em&#8221; background_layout=&#8221;dark&#8221; locked=&#8221;off&#8221; global_colors_info=&#8221;{}&#8221;]<\/p>\n<p>Cris Mendes, como \u00e9 conhecida, graduou-se em pintura pela Escola de M\u00fasica e Belas Artes do Paran\u00e1 em 1984, realizando estudos de p\u00f3s-gradua\u00e7\u00e3o entre os anos 2000 e 2014, quando concluiu seu doutorado em Comunica\u00e7\u00e3o e Linguagens pela Universidade Tuiuti do Paran\u00e1. Artista pl\u00e1stica e pesquisadora, de 2015 a 2022 foi professora adjunta do curso de Artes Visuais da Universidade Estadual de Ponta Grossa e, a partir de 2019, vinculou-se permanentemente ao Programa de P\u00f3s-gradua\u00e7\u00e3o Mestrado em Cinema e Artes do V\u00eddeo da Faculdade de Artes do Paran\u00e1 (FAP-UNESPAR-PR), onde atualmente se encontra como professora de Artes Visuais. M\u00e3e de Santo do terreiro de Umbanda do Pai Maneco, em Curitiba, busca conciliar sua atividade profissional e art\u00edstica com a investiga\u00e7\u00e3o das rela\u00e7\u00f5es ancestrais\/at\u00e1vicas entre a arte e a espiritualidade conforme seu dizer: \u201cUmbanda \u00e9 um grande projeto art\u00edstico dos Orix\u00e1s para que possamos respirar e viver\u201d. Participou de in\u00fameros sal\u00f5es de arte e exposi\u00e7\u00f5es e \u00e9 autora ou coautora de diversos livros e artigos. Exerceu tamb\u00e9m fun\u00e7\u00f5es p\u00fablicas junto ao Museu Oscar Niemeyer e na Secretaria de Estado e Cultura do Paran\u00e1. Entre os anos 1994 e 1998 trabalhou no Museu Alfredo Andersen, onde conheceu Masanori Fukushima \u2013 logo ap\u00f3s ele se aposentar e fixar resid\u00eancia em Curitiba, passando a se dedicar integralmente \u00e0s atividades art\u00edsticas. Cris foi a sua primeira professora no atelier de pintura do Museu Alfredo Andersen, per\u00edodo em que Masa ainda buscava aprimorar sua t\u00e9cnica e redescobrir o potencial humano e art\u00edstico que trazia consigo. Dessa rela\u00e7\u00e3o de respeito e admira\u00e7\u00e3o, Cris lembra-se de ter-lhe dito certa vez: \u201cMasa, voc\u00ea tem que se divertir (pintando), tem que ser bom para voc\u00ea\u201d.<\/p>\n<p>instagram.com\/mendes.cristina<\/p>\n<p>[\/et_pb_text][\/et_pb_column_inner][\/et_pb_row_inner][\/et_pb_column][et_pb_column type=&#8221;1_2&#8243; _builder_version=&#8221;4.16&#8243; custom_padding=&#8221;|||&#8221; global_colors_info=&#8221;{}&#8221; custom_padding__hover=&#8221;|||&#8221;][et_pb_image src=&#8221;https:\/\/editorainsight.com.br\/masa\/wp-content\/uploads\/2023\/03\/CristinaMendes-Pupo-1.jpg&#8221; title_text=&#8221;CristinaMendes-Pupo 1&#8243; force_fullwidth=&#8221;on&#8221; _builder_version=&#8221;4.20.2&#8243; _module_preset=&#8221;default&#8221; global_colors_info=&#8221;{}&#8221;][\/et_pb_image][\/et_pb_column][\/et_pb_section][et_pb_section fb_built=&#8221;1&#8243; _builder_version=&#8221;4.20.2&#8243; _module_preset=&#8221;default&#8221; global_colors_info=&#8221;{}&#8221;][et_pb_row _builder_version=&#8221;4.20.2&#8243; _module_preset=&#8221;default&#8221; max_width=&#8221;1360px&#8221; locked=&#8221;off&#8221; global_colors_info=&#8221;{}&#8221;][et_pb_column type=&#8221;4_4&#8243; _builder_version=&#8221;4.20.2&#8243; _module_preset=&#8221;default&#8221; global_colors_info=&#8221;{}&#8221;][et_pb_text _builder_version=&#8221;4.20.2&#8243; _module_preset=&#8221;default&#8221; header_2_font=&#8221;Crimson Pro||||||||&#8221; header_2_text_color=&#8221;#c02d28&#8243; header_2_font_size=&#8221;80px&#8221; global_colors_info=&#8221;{}&#8221;]<\/p>\n<h2>Obras no cat\u00e1logo<\/h2>\n<p>[\/et_pb_text][\/et_pb_column][\/et_pb_row][et_pb_row column_structure=&#8221;1_3,1_3,1_3&#8243; _builder_version=&#8221;4.20.2&#8243; _module_preset=&#8221;default&#8221; max_width=&#8221;1360px&#8221; global_colors_info=&#8221;{}&#8221;][et_pb_column type=&#8221;1_3&#8243; _builder_version=&#8221;4.20.2&#8243; _module_preset=&#8221;default&#8221; global_colors_info=&#8221;{}&#8221;][et_pb_image src=&#8221;https:\/\/editorainsight.com.br\/masa\/wp-content\/uploads\/2023\/03\/Rectangle-29-4.jpg&#8221; title_text=&#8221;Rectangle 29&#8243; align=&#8221;center&#8221; _builder_version=&#8221;4.20.2&#8243; _module_preset=&#8221;default&#8221; custom_margin=&#8221;||0px||false|false&#8221; global_colors_info=&#8221;{}&#8221;][\/et_pb_image][et_pb_text _builder_version=&#8221;4.20.2&#8243; _module_preset=&#8221;default&#8221; text_font=&#8221;Crimson Pro|300|||||||&#8221; text_font_size=&#8221;20px&#8221; text_orientation=&#8221;center&#8221; custom_margin=&#8221;10px||10px||false|false&#8221; global_colors_info=&#8221;{}&#8221;]<\/p>\n<p>Sem t\u00edtulo<br \/>Pigmento e liquibase s\/ tela<br \/>142,5 cm x 185,5 cm<br \/>1993<\/p>\n<p>[\/et_pb_text][et_pb_text _builder_version=&#8221;4.20.2&#8243; _module_preset=&#8221;default&#8221; text_font_size=&#8221;12px&#8221; text_orientation=&#8221;center&#8221; global_colors_info=&#8221;{}&#8221;]<\/p>\n<p>Fotografia de Guilherme Pupo<\/p>\n<p>[\/et_pb_text][\/et_pb_column][et_pb_column type=&#8221;1_3&#8243; _builder_version=&#8221;4.20.2&#8243; _module_preset=&#8221;default&#8221; global_colors_info=&#8221;{}&#8221;][et_pb_image src=&#8221;https:\/\/editorainsight.com.br\/masa\/wp-content\/uploads\/2023\/03\/Rectangle-30-4.jpg&#8221; title_text=&#8221;Rectangle 30&#8243; align=&#8221;center&#8221; _builder_version=&#8221;4.20.2&#8243; _module_preset=&#8221;default&#8221; custom_margin=&#8221;||0px||false|false&#8221; global_colors_info=&#8221;{}&#8221;][\/et_pb_image][et_pb_text _builder_version=&#8221;4.20.2&#8243; _module_preset=&#8221;default&#8221; text_font=&#8221;Crimson Pro|300|||||||&#8221; text_font_size=&#8221;20px&#8221; text_orientation=&#8221;center&#8221; custom_margin=&#8221;10px||10px||false|false&#8221; global_colors_info=&#8221;{}&#8221;]<\/p>\n<p>Devaneio, Identidade, Alquimia<br \/>Latas de cola, vidro e materiais diversos<br \/>35 x 26 x 26 cm<br \/>1997<\/p>\n<p>[\/et_pb_text][et_pb_text _builder_version=&#8221;4.20.2&#8243; _module_preset=&#8221;default&#8221; text_font_size=&#8221;12px&#8221; text_orientation=&#8221;center&#8221; locked=&#8221;off&#8221; global_colors_info=&#8221;{}&#8221;]<\/p>\n<p>Fotografia de Guilherme Pupo<\/p>\n<p>[\/et_pb_text][\/et_pb_column][et_pb_column type=&#8221;1_3&#8243; _builder_version=&#8221;4.20.2&#8243; _module_preset=&#8221;default&#8221; global_colors_info=&#8221;{}&#8221;][et_pb_image src=&#8221;https:\/\/editorainsight.com.br\/masa\/wp-content\/uploads\/2023\/03\/Rectangle-31-4.jpg&#8221; title_text=&#8221;Rectangle 31&#8243; align=&#8221;center&#8221; _builder_version=&#8221;4.20.2&#8243; _module_preset=&#8221;default&#8221; custom_margin=&#8221;||0px||false|false&#8221; global_colors_info=&#8221;{}&#8221;][\/et_pb_image][et_pb_text _builder_version=&#8221;4.20.2&#8243; _module_preset=&#8221;default&#8221; text_font=&#8221;Crimson Pro|300|||||||&#8221; text_font_size=&#8221;20px&#8221; text_orientation=&#8221;center&#8221; custom_margin=&#8221;10px||10px||false|false&#8221; global_colors_info=&#8221;{}&#8221;]<\/p>\n<p>Pau de Galinheiro<br \/>Galhos, penas, lou\u00e7as, fitas etc.<br \/>165 x 28 x 18cm<br \/>2009<\/p>\n<p>[\/et_pb_text][et_pb_text _builder_version=&#8221;4.20.2&#8243; _module_preset=&#8221;default&#8221; text_font_size=&#8221;12px&#8221; text_orientation=&#8221;center&#8221; locked=&#8221;off&#8221; global_colors_info=&#8221;{}&#8221;]<\/p>\n<p>Fotografia de Guilherme Pupo<\/p>\n<p>[\/et_pb_text][\/et_pb_column][\/et_pb_row][et_pb_row column_structure=&#8221;1_3,1_3,1_3&#8243; _builder_version=&#8221;4.20.2&#8243; _module_preset=&#8221;default&#8221; max_width=&#8221;1360px&#8221; global_colors_info=&#8221;{}&#8221;][et_pb_column type=&#8221;1_3&#8243; _builder_version=&#8221;4.20.2&#8243; _module_preset=&#8221;default&#8221; global_colors_info=&#8221;{}&#8221;][et_pb_image src=&#8221;https:\/\/editorainsight.com.br\/masa\/wp-content\/uploads\/2023\/03\/Rectangle-32-4.jpg&#8221; title_text=&#8221;Rectangle 32&#8243; align=&#8221;center&#8221; _builder_version=&#8221;4.20.2&#8243; _module_preset=&#8221;default&#8221; custom_margin=&#8221;||0px||false|false&#8221; custom_padding=&#8221;|0px||||&#8221; global_colors_info=&#8221;{}&#8221;][\/et_pb_image][et_pb_text _builder_version=&#8221;4.20.2&#8243; _module_preset=&#8221;default&#8221; text_font=&#8221;Crimson Pro|300|||||||&#8221; text_font_size=&#8221;20px&#8221; text_orientation=&#8221;center&#8221; custom_margin=&#8221;10px||10px||false|false&#8221; global_colors_info=&#8221;{}&#8221;]<\/p>\n<p>Da s\u00e9rie Oriente<br \/>\u00d3leo s\/ tela<br \/>120 x 110 cm<br \/>2007<\/p>\n<p>[\/et_pb_text][et_pb_text _builder_version=&#8221;4.20.2&#8243; _module_preset=&#8221;default&#8221; text_font_size=&#8221;12px&#8221; text_orientation=&#8221;center&#8221; locked=&#8221;off&#8221; global_colors_info=&#8221;{}&#8221;]<\/p>\n<p>Fotografia de Guilherme Pupo<\/p>\n<p>[\/et_pb_text][\/et_pb_column][et_pb_column type=&#8221;1_3&#8243; _builder_version=&#8221;4.20.2&#8243; _module_preset=&#8221;default&#8221; global_colors_info=&#8221;{}&#8221;][et_pb_image src=&#8221;https:\/\/editorainsight.com.br\/masa\/wp-content\/uploads\/2023\/03\/Rectangle-33-4.jpg&#8221; title_text=&#8221;Rectangle 33&#8243; align=&#8221;center&#8221; _builder_version=&#8221;4.20.2&#8243; _module_preset=&#8221;default&#8221; custom_margin=&#8221;||0px||false|false&#8221; global_colors_info=&#8221;{}&#8221;][\/et_pb_image][et_pb_text _builder_version=&#8221;4.20.2&#8243; _module_preset=&#8221;default&#8221; text_font=&#8221;Crimson Pro|300|||||||&#8221; text_font_size=&#8221;20px&#8221; text_orientation=&#8221;center&#8221; custom_margin=&#8221;10px||10px||false|false&#8221; global_colors_info=&#8221;{}&#8221;]<\/p>\n<p>\u00cdndio<br \/>\u00d3leo e cera s\/ tela<br \/>100,3 x 80,5 cm<br \/>2000<\/p>\n<p>[\/et_pb_text][et_pb_text _builder_version=&#8221;4.20.2&#8243; _module_preset=&#8221;default&#8221; text_font_size=&#8221;12px&#8221; text_orientation=&#8221;center&#8221; locked=&#8221;off&#8221; global_colors_info=&#8221;{}&#8221;]<\/p>\n<p>Fotografia de Guilherme Pupo<\/p>\n<p>[\/et_pb_text][\/et_pb_column][et_pb_column type=&#8221;1_3&#8243; _builder_version=&#8221;4.20.2&#8243; _module_preset=&#8221;default&#8221; global_colors_info=&#8221;{}&#8221;][et_pb_image src=&#8221;https:\/\/editorainsight.com.br\/masa\/wp-content\/uploads\/2023\/03\/Rectangle-34-4.jpg&#8221; title_text=&#8221;Rectangle 34&#8243; align=&#8221;center&#8221; _builder_version=&#8221;4.20.2&#8243; _module_preset=&#8221;default&#8221; custom_margin=&#8221;||0px||false|false&#8221; global_colors_info=&#8221;{}&#8221;][\/et_pb_image][et_pb_text _builder_version=&#8221;4.20.2&#8243; _module_preset=&#8221;default&#8221; text_font=&#8221;Crimson Pro|300|||||||&#8221; text_font_size=&#8221;20px&#8221; text_orientation=&#8221;center&#8221; custom_margin=&#8221;10px||10px||false|false&#8221; global_colors_info=&#8221;{}&#8221;]<\/p>\n<p>Movimento de Ver\u00e3o<br \/>Pigmento e verniz acr\u00edlico s\/ tela<br \/>100 x 172 cm<br \/>1992<\/p>\n<p>[\/et_pb_text][et_pb_text _builder_version=&#8221;4.20.2&#8243; _module_preset=&#8221;default&#8221; text_font_size=&#8221;12px&#8221; text_orientation=&#8221;center&#8221; locked=&#8221;off&#8221; global_colors_info=&#8221;{}&#8221;]<\/p>\n<p>Fotografia de Guilherme Pupo<\/p>\n<p>[\/et_pb_text][\/et_pb_column][\/et_pb_row][et_pb_row column_structure=&#8221;1_3,1_3,1_3&#8243; _builder_version=&#8221;4.20.2&#8243; _module_preset=&#8221;default&#8221; max_width=&#8221;1360px&#8221; global_colors_info=&#8221;{}&#8221;][et_pb_column type=&#8221;1_3&#8243; _builder_version=&#8221;4.20.2&#8243; _module_preset=&#8221;default&#8221; global_colors_info=&#8221;{}&#8221;][et_pb_image src=&#8221;https:\/\/editorainsight.com.br\/masa\/wp-content\/uploads\/2023\/03\/Rectangle-36-4.jpg&#8221; title_text=&#8221;Rectangle 36&#8243; align=&#8221;center&#8221; _builder_version=&#8221;4.20.2&#8243; _module_preset=&#8221;default&#8221; custom_margin=&#8221;||0px||false|false&#8221; global_colors_info=&#8221;{}&#8221;][\/et_pb_image][et_pb_text _builder_version=&#8221;4.20.2&#8243; _module_preset=&#8221;default&#8221; text_font=&#8221;Crimson Pro|300|||||||&#8221; text_font_size=&#8221;20px&#8221; text_orientation=&#8221;center&#8221; custom_margin=&#8221;10px||10px||false|false&#8221; global_colors_info=&#8221;{}&#8221;]<\/p>\n<p>Amarelo<br \/>\u00d3leo s\/ tela<br \/>140 x 90 cm<br \/>2000<\/p>\n<p>[\/et_pb_text][et_pb_text _builder_version=&#8221;4.20.2&#8243; _module_preset=&#8221;default&#8221; text_font_size=&#8221;12px&#8221; text_orientation=&#8221;center&#8221; locked=&#8221;off&#8221; global_colors_info=&#8221;{}&#8221;]<\/p>\n<p>Fotografia de Guilherme Pupo<\/p>\n<p>[\/et_pb_text][\/et_pb_column][et_pb_column type=&#8221;1_3&#8243; _builder_version=&#8221;4.20.2&#8243; _module_preset=&#8221;default&#8221; global_colors_info=&#8221;{}&#8221;][et_pb_image src=&#8221;https:\/\/editorainsight.com.br\/masa\/wp-content\/uploads\/2023\/03\/Rectangle-37-4.jpg&#8221; title_text=&#8221;Rectangle 37&#8243; align=&#8221;center&#8221; _builder_version=&#8221;4.20.2&#8243; _module_preset=&#8221;default&#8221; custom_margin=&#8221;||0px||false|false&#8221; global_colors_info=&#8221;{}&#8221;][\/et_pb_image][et_pb_text _builder_version=&#8221;4.20.2&#8243; _module_preset=&#8221;default&#8221; text_font=&#8221;Crimson Pro|300|||||||&#8221; text_font_size=&#8221;20px&#8221; text_orientation=&#8221;center&#8221; custom_margin=&#8221;10px||10px||false|false&#8221; global_colors_info=&#8221;{}&#8221;]<\/p>\n<p>Da s\u00e9rie: Azuis<br \/>Pigmento e liquibase s\/ papel<br \/>177 x 140 cm<br \/>1992<\/p>\n<p>[\/et_pb_text][et_pb_text _builder_version=&#8221;4.20.2&#8243; _module_preset=&#8221;default&#8221; text_font_size=&#8221;12px&#8221; text_orientation=&#8221;center&#8221; locked=&#8221;off&#8221; global_colors_info=&#8221;{}&#8221;]<\/p>\n<p>Fotografia de Guilherme Pupo<\/p>\n<p>[\/et_pb_text][\/et_pb_column][et_pb_column type=&#8221;1_3&#8243; _builder_version=&#8221;4.20.2&#8243; _module_preset=&#8221;default&#8221; global_colors_info=&#8221;{}&#8221;][et_pb_image src=&#8221;https:\/\/editorainsight.com.br\/masa\/wp-content\/uploads\/2023\/03\/Rectangle-38-4.jpg&#8221; title_text=&#8221;Rectangle 38&#8243; align=&#8221;center&#8221; _builder_version=&#8221;4.20.2&#8243; _module_preset=&#8221;default&#8221; custom_margin=&#8221;||0px||false|false&#8221; global_colors_info=&#8221;{}&#8221;][\/et_pb_image][et_pb_text _builder_version=&#8221;4.20.2&#8243; _module_preset=&#8221;default&#8221; text_font=&#8221;Crimson Pro|300|||||||&#8221; text_font_size=&#8221;20px&#8221; text_orientation=&#8221;center&#8221; custom_margin=&#8221;10px||10px||false|false&#8221; global_colors_info=&#8221;{}&#8221;]<\/p>\n<p>Sem t\u00edtulo<br \/>T\u00e9cnica: \u00f3leo e ceras\/ tela<br \/>70 x 70 cm<br \/>2000<\/p>\n<p>[\/et_pb_text][et_pb_text _builder_version=&#8221;4.20.2&#8243; _module_preset=&#8221;default&#8221; text_font_size=&#8221;12px&#8221; text_orientation=&#8221;center&#8221; locked=&#8221;off&#8221; global_colors_info=&#8221;{}&#8221;]<\/p>\n<p>Fotografia de Guilherme Pupo<\/p>\n<p>[\/et_pb_text][\/et_pb_column][\/et_pb_row][et_pb_row column_structure=&#8221;1_3,1_3,1_3&#8243; _builder_version=&#8221;4.20.2&#8243; _module_preset=&#8221;default&#8221; max_width=&#8221;1360px&#8221; global_colors_info=&#8221;{}&#8221;][et_pb_column type=&#8221;1_3&#8243; _builder_version=&#8221;4.20.2&#8243; _module_preset=&#8221;default&#8221; global_colors_info=&#8221;{}&#8221;][\/et_pb_column][et_pb_column type=&#8221;1_3&#8243; _builder_version=&#8221;4.20.2&#8243; _module_preset=&#8221;default&#8221; global_colors_info=&#8221;{}&#8221;][et_pb_image src=&#8221;https:\/\/editorainsight.com.br\/masa\/wp-content\/uploads\/2023\/03\/Rectangle-39-4.jpg&#8221; title_text=&#8221;Rectangle 39&#8243; align=&#8221;center&#8221; _builder_version=&#8221;4.20.2&#8243; _module_preset=&#8221;default&#8221; custom_margin=&#8221;||0px||false|false&#8221; global_colors_info=&#8221;{}&#8221;][\/et_pb_image][et_pb_text _builder_version=&#8221;4.20.2&#8243; _module_preset=&#8221;default&#8221; text_font=&#8221;Crimson Pro|300|||||||&#8221; text_font_size=&#8221;20px&#8221; text_orientation=&#8221;center&#8221; custom_margin=&#8221;10px||10px||false|false&#8221; global_colors_info=&#8221;{}&#8221;]<\/p>\n<p>Da s\u00e9rie: Paisagens urbanas<br \/>Giz de cera, guache e nanquim s\/ papel <br \/>Com moldura: 81 x 61 cm<br \/>1986<\/p>\n<p>[\/et_pb_text][et_pb_text _builder_version=&#8221;4.20.2&#8243; _module_preset=&#8221;default&#8221; text_font_size=&#8221;12px&#8221; text_orientation=&#8221;center&#8221; locked=&#8221;off&#8221; global_colors_info=&#8221;{}&#8221;]<\/p>\n<p>Fotografia de Guilherme Pupo<\/p>\n<p>[\/et_pb_text][\/et_pb_column][et_pb_column type=&#8221;1_3&#8243; _builder_version=&#8221;4.20.2&#8243; _module_preset=&#8221;default&#8221; global_colors_info=&#8221;{}&#8221;][\/et_pb_column][\/et_pb_row][et_pb_row _builder_version=&#8221;4.20.2&#8243; _module_preset=&#8221;default&#8221; global_colors_info=&#8221;{}&#8221; locked=&#8221;off&#8221;][et_pb_column type=&#8221;4_4&#8243; _builder_version=&#8221;4.20.2&#8243; _module_preset=&#8221;default&#8221; global_colors_info=&#8221;{}&#8221;][et_pb_button button_text=&#8221;CONFIRA AQUI OBRAS DISPON\u00cdVEIS PARA VENDA&#8221; button_alignment=&#8221;center&#8221; _builder_version=&#8221;4.21.0&#8243; _module_preset=&#8221;default&#8221; custom_button=&#8221;on&#8221; button_text_color=&#8221;#FFFFFF&#8221; button_bg_color=&#8221;#000000&#8243; button_border_width=&#8221;0px&#8221; button_border_radius=&#8221;0px&#8221; button_font=&#8221;Montserrat|700|||||||&#8221; background_layout=&#8221;dark&#8221; custom_margin=&#8221;|10px|||false|false&#8221; custom_padding=&#8221;|20px||20px|false|true&#8221; hover_enabled=&#8221;0&#8243; custom_css_main_element=&#8221;max-width:360px;&#8221; global_colors_info=&#8221;{}&#8221; button_url=&#8221;https:\/\/galeria.editorainsight.com.br\/artistas\/cristina-mendes&#8221; url_new_window=&#8221;on&#8221; sticky_enabled=&#8221;0&#8243;][\/et_pb_button][\/et_pb_column][\/et_pb_row][\/et_pb_section]<\/p>\n","protected":false},"excerpt":{"rendered":"<p>CristinaMendesCris Mendes, como \u00e9 conhecida, graduou-se em pintura pela Escola de M\u00fasica e Belas Artes do Paran\u00e1 em 1984, realizando estudos de p\u00f3s-gradua\u00e7\u00e3o entre os anos 2000 e 2014, quando concluiu seu doutorado em Comunica\u00e7\u00e3o e Linguagens pela Universidade Tuiuti do Paran\u00e1. Artista pl\u00e1stica e pesquisadora, de 2015 a 2022 foi professora adjunta do curso [&hellip;]<\/p>\n","protected":false},"author":1,"featured_media":0,"parent":0,"menu_order":0,"comment_status":"closed","ping_status":"closed","template":"","meta":{"_et_pb_use_builder":"on","_et_pb_old_content":"","_et_gb_content_width":"","footnotes":""},"class_list":["post-214","page","type-page","status-publish","hentry"],"_links":{"self":[{"href":"https:\/\/editorainsight.com.br\/masa\/wp-json\/wp\/v2\/pages\/214","targetHints":{"allow":["GET"]}}],"collection":[{"href":"https:\/\/editorainsight.com.br\/masa\/wp-json\/wp\/v2\/pages"}],"about":[{"href":"https:\/\/editorainsight.com.br\/masa\/wp-json\/wp\/v2\/types\/page"}],"author":[{"embeddable":true,"href":"https:\/\/editorainsight.com.br\/masa\/wp-json\/wp\/v2\/users\/1"}],"replies":[{"embeddable":true,"href":"https:\/\/editorainsight.com.br\/masa\/wp-json\/wp\/v2\/comments?post=214"}],"version-history":[{"count":3,"href":"https:\/\/editorainsight.com.br\/masa\/wp-json\/wp\/v2\/pages\/214\/revisions"}],"predecessor-version":[{"id":647,"href":"https:\/\/editorainsight.com.br\/masa\/wp-json\/wp\/v2\/pages\/214\/revisions\/647"}],"wp:attachment":[{"href":"https:\/\/editorainsight.com.br\/masa\/wp-json\/wp\/v2\/media?parent=214"}],"curies":[{"name":"wp","href":"https:\/\/api.w.org\/{rel}","templated":true}]}}